{"id":4074,"date":"2022-12-13T20:46:27","date_gmt":"2022-12-13T19:46:27","guid":{"rendered":"https:\/\/schizofrenia.com\/verejnost\/pojmy\/stabilna-faza\/"},"modified":"2022-12-14T17:58:02","modified_gmt":"2022-12-14T16:58:02","slug":"stabilna-faza","status":"publish","type":"pojmy","link":"https:\/\/schizofrenia.com\/verejnost\/slovnik-pojmov\/stabilna-faza\/","title":{"rendered":"Stabiln\u00e1 f\u00e1za"},"content":{"rendered":"<p>Stabiln\u00e1 f\u00e1za schizofr\u00e9nie je stav, ke\u010f u\u017e nie s\u00fa pr\u00edtomn\u00e9 psychotick\u00e9 pr\u00edznaky, resp. s\u00fa pr\u00edtomn\u00e9 vo v\u00fdrazne men\u0161ej miere. U\u00a0v\u00e4\u010d\u0161iny pacientov zost\u00e1vaj\u00fa pr\u00edtomn\u00e9 negat\u00edvne sympt\u00f3my. T\u00e1to f\u00e1za sa m\u00f4\u017ee pr\u00edznakmi podoba\u0165 na <a href=\"https:\/\/schizofrenia.com\/verejnost\/slovnik-pojmov\/prodromalna-faza\/\">f\u00e1zu prodrom\u00e1lnu.<\/a><\/p>\n","protected":false},"excerpt":{"rendered":"<p>Stabiln\u00e1 f\u00e1za schizofr\u00e9nie je stav, ke\u010f u\u017e nie s\u00fa pr\u00edtomn\u00e9 psychotick\u00e9 pr\u00edznaky, resp. s\u00fa pr\u00edtomn\u00e9 vo v\u00fdrazne men\u0161ej miere. U\u00a0v\u00e4\u010d\u0161iny pacientov zost\u00e1vaj\u00fa pr\u00edtomn\u00e9 negat\u00edvne sympt\u00f3my. T\u00e1to f\u00e1za sa m\u00f4\u017ee pr\u00edznakmi podoba\u0165 na f\u00e1zu prodrom\u00e1lnu.<\/p>\n","protected":false},"author":7,"featured_media":0,"template":"","meta":{"om_disable_all_campaigns":false,"rea_page_title_signed_in_meta_block_field":"","rea_page_title_signed_out_meta_block_field":"","rea_page_description_signed_in_meta_block_field":"","rea_page_description_signed_out_meta_block_field":"","rea_page_footer_id_meta_block_field":"","rea_page_footer_date_meta_block_field":"","footnotes":""},"glossary":[33],"class_list":["post-4074","pojmy","type-pojmy","status-publish","hentry","glossary-s"],"acf":[],"yoast_head":"<!-- This site is optimized with the Yoast SEO plugin v28.3 - https:\/\/yoast.com\/product\/yoast-seo-wordpress\/ -->\n<title>Stabiln\u00e1 f\u00e1za - Schizofrenia.com<\/title>\n<meta name=\"robots\" content=\"index, follow, max-snippet:-1, max-image-preview:large, max-video-preview:-1\" \/>\n<link rel=\"canonical\" href=\"https:\/\/schizofrenia.com\/verejnost\/slovnik-pojmov\/stabilna-faza\/\" \/>\n<meta property=\"og:locale\" content=\"sk_SK\" \/>\n<meta property=\"og:type\" content=\"article\" \/>\n<meta property=\"og:title\" content=\"Stabiln\u00e1 f\u00e1za - Schizofrenia.com\" \/>\n<meta property=\"og:description\" content=\"Stabiln\u00e1 f\u00e1za schizofr\u00e9nie je stav, ke\u010f u\u017e nie s\u00fa pr\u00edtomn\u00e9 psychotick\u00e9 pr\u00edznaky, resp. s\u00fa pr\u00edtomn\u00e9 vo v\u00fdrazne men\u0161ej miere. U\u00a0v\u00e4\u010d\u0161iny pacientov zost\u00e1vaj\u00fa pr\u00edtomn\u00e9 negat\u00edvne sympt\u00f3my. T\u00e1to f\u00e1za sa m\u00f4\u017ee pr\u00edznakmi podoba\u0165 na f\u00e1zu prodrom\u00e1lnu.\" \/>\n<meta property=\"og:url\" content=\"https:\/\/schizofrenia.com\/verejnost\/slovnik-pojmov\/stabilna-faza\/\" \/>\n<meta property=\"og:site_name\" content=\"Schizofrenia.com\" \/>\n<meta property=\"article:publisher\" content=\"https:\/\/www.facebook.com\/people\/Schizofrnia\/100081076399134\/\" \/>\n<meta property=\"article:modified_time\" content=\"2022-12-14T16:58:02+00:00\" \/>\n<meta name=\"twitter:card\" content=\"summary_large_image\" \/>\n<meta name=\"twitter:label1\" content=\"Predpokladan\u00fd \u010das \u010d\u00edtania\" \/>\n\t<meta name=\"twitter:data1\" content=\"1 min\u00fata\" \/>\n<script type=\"application\/ld+json\" class=\"yoast-schema-graph\">{\"@context\":\"https:\\\/\\\/schema.org\",\"@graph\":[{\"@type\":\"WebPage\",\"@id\":\"https:\\\/\\\/schizofrenia.com\\\/verejnost\\\/slovnik-pojmov\\\/stabilna-faza\\\/\",\"url\":\"https:\\\/\\\/schizofrenia.com\\\/verejnost\\\/slovnik-pojmov\\\/stabilna-faza\\\/\",\"name\":\"Stabiln\u00e1 f\u00e1za - Schizofrenia.com\",\"isPartOf\":{\"@id\":\"https:\\\/\\\/schizofrenia.com\\\/verejnost\\\/#website\"},\"datePublished\":\"2022-12-13T19:46:27+00:00\",\"dateModified\":\"2022-12-14T16:58:02+00:00\",\"breadcrumb\":{\"@id\":\"https:\\\/\\\/schizofrenia.com\\\/verejnost\\\/slovnik-pojmov\\\/stabilna-faza\\\/#breadcrumb\"},\"inLanguage\":\"sk-SK\",\"potentialAction\":[{\"@type\":\"ReadAction\",\"target\":[\"https:\\\/\\\/schizofrenia.com\\\/verejnost\\\/slovnik-pojmov\\\/stabilna-faza\\\/\"]}]},{\"@type\":\"BreadcrumbList\",\"@id\":\"https:\\\/\\\/schizofrenia.com\\\/verejnost\\\/slovnik-pojmov\\\/stabilna-faza\\\/#breadcrumb\",\"itemListElement\":[{\"@type\":\"ListItem\",\"position\":1,\"name\":\"Home\",\"item\":\"https:\\\/\\\/schizofrenia.com\\\/verejnost\\\/\"},{\"@type\":\"ListItem\",\"position\":2,\"name\":\"Pojmy\",\"item\":\"https:\\\/\\\/schizofrenia.com\\\/verejnost\\\/pojmy\\\/\"},{\"@type\":\"ListItem\",\"position\":3,\"name\":\"Stabiln\u00e1 f\u00e1za\"}]},{\"@type\":\"WebSite\",\"@id\":\"https:\\\/\\\/schizofrenia.com\\\/verejnost\\\/#website\",\"url\":\"https:\\\/\\\/schizofrenia.com\\\/verejnost\\\/\",\"name\":\"Schizofrenia.com\",\"description\":\"Z\u00e1klad\u0148a pre \u013eud\u00ed \u017eij\u00facich so schizofr\u00e9niou\",\"publisher\":{\"@id\":\"https:\\\/\\\/schizofrenia.com\\\/verejnost\\\/#organization\"},\"potentialAction\":[{\"@type\":\"SearchAction\",\"target\":{\"@type\":\"EntryPoint\",\"urlTemplate\":\"https:\\\/\\\/schizofrenia.com\\\/verejnost\\\/?s={search_term_string}\"},\"query-input\":{\"@type\":\"PropertyValueSpecification\",\"valueRequired\":true,\"valueName\":\"search_term_string\"}}],\"inLanguage\":\"sk-SK\"},{\"@type\":\"Organization\",\"@id\":\"https:\\\/\\\/schizofrenia.com\\\/verejnost\\\/#organization\",\"name\":\"Schizofrenia.com\",\"url\":\"https:\\\/\\\/schizofrenia.com\\\/verejnost\\\/\",\"logo\":{\"@type\":\"ImageObject\",\"inLanguage\":\"sk-SK\",\"@id\":\"https:\\\/\\\/schizofrenia.com\\\/verejnost\\\/#\\\/schema\\\/logo\\\/image\\\/\",\"url\":\"https:\\\/\\\/schizofrenia.com\\\/verejnost\\\/wp-content\\\/uploads\\\/2020\\\/03\\\/Schizophrenia-logo-01.png\",\"contentUrl\":\"https:\\\/\\\/schizofrenia.com\\\/verejnost\\\/wp-content\\\/uploads\\\/2020\\\/03\\\/Schizophrenia-logo-01.png\",\"width\":1927,\"height\":1891,\"caption\":\"Schizofrenia.com\"},\"image\":{\"@id\":\"https:\\\/\\\/schizofrenia.com\\\/verejnost\\\/#\\\/schema\\\/logo\\\/image\\\/\"},\"sameAs\":[\"https:\\\/\\\/www.facebook.com\\\/people\\\/Schizofrnia\\\/100081076399134\\\/\"]}]}<\/script>\n<!-- \/ Yoast SEO plugin. -->","yoast_head_json":{"title":"Stabiln\u00e1 f\u00e1za - Schizofrenia.com","robots":{"index":"index","follow":"follow","max-snippet":"max-snippet:-1","max-image-preview":"max-image-preview:large","max-video-preview":"max-video-preview:-1"},"canonical":"https:\/\/schizofrenia.com\/verejnost\/slovnik-pojmov\/stabilna-faza\/","og_locale":"sk_SK","og_type":"article","og_title":"Stabiln\u00e1 f\u00e1za - Schizofrenia.com","og_description":"Stabiln\u00e1 f\u00e1za schizofr\u00e9nie je stav, ke\u010f u\u017e nie s\u00fa pr\u00edtomn\u00e9 psychotick\u00e9 pr\u00edznaky, resp. s\u00fa pr\u00edtomn\u00e9 vo v\u00fdrazne men\u0161ej miere. U\u00a0v\u00e4\u010d\u0161iny pacientov zost\u00e1vaj\u00fa pr\u00edtomn\u00e9 negat\u00edvne sympt\u00f3my. T\u00e1to f\u00e1za sa m\u00f4\u017ee pr\u00edznakmi podoba\u0165 na f\u00e1zu prodrom\u00e1lnu.","og_url":"https:\/\/schizofrenia.com\/verejnost\/slovnik-pojmov\/stabilna-faza\/","og_site_name":"Schizofrenia.com","article_publisher":"https:\/\/www.facebook.com\/people\/Schizofrnia\/100081076399134\/","article_modified_time":"2022-12-14T16:58:02+00:00","twitter_card":"summary_large_image","twitter_misc":{"Predpokladan\u00fd \u010das \u010d\u00edtania":"1 min\u00fata"},"schema":{"@context":"https:\/\/schema.org","@graph":[{"@type":"WebPage","@id":"https:\/\/schizofrenia.com\/verejnost\/slovnik-pojmov\/stabilna-faza\/","url":"https:\/\/schizofrenia.com\/verejnost\/slovnik-pojmov\/stabilna-faza\/","name":"Stabiln\u00e1 f\u00e1za - Schizofrenia.com","isPartOf":{"@id":"https:\/\/schizofrenia.com\/verejnost\/#website"},"datePublished":"2022-12-13T19:46:27+00:00","dateModified":"2022-12-14T16:58:02+00:00","breadcrumb":{"@id":"https:\/\/schizofrenia.com\/verejnost\/slovnik-pojmov\/stabilna-faza\/#breadcrumb"},"inLanguage":"sk-SK","potentialAction":[{"@type":"ReadAction","target":["https:\/\/schizofrenia.com\/verejnost\/slovnik-pojmov\/stabilna-faza\/"]}]},{"@type":"BreadcrumbList","@id":"https:\/\/schizofrenia.com\/verejnost\/slovnik-pojmov\/stabilna-faza\/#breadcrumb","itemListElement":[{"@type":"ListItem","position":1,"name":"Home","item":"https:\/\/schizofrenia.com\/verejnost\/"},{"@type":"ListItem","position":2,"name":"Pojmy","item":"https:\/\/schizofrenia.com\/verejnost\/pojmy\/"},{"@type":"ListItem","position":3,"name":"Stabiln\u00e1 f\u00e1za"}]},{"@type":"WebSite","@id":"https:\/\/schizofrenia.com\/verejnost\/#website","url":"https:\/\/schizofrenia.com\/verejnost\/","name":"Schizofrenia.com","description":"Z\u00e1klad\u0148a pre \u013eud\u00ed \u017eij\u00facich so schizofr\u00e9niou","publisher":{"@id":"https:\/\/schizofrenia.com\/verejnost\/#organization"},"potentialAction":[{"@type":"SearchAction","target":{"@type":"EntryPoint","urlTemplate":"https:\/\/schizofrenia.com\/verejnost\/?s={search_term_string}"},"query-input":{"@type":"PropertyValueSpecification","valueRequired":true,"valueName":"search_term_string"}}],"inLanguage":"sk-SK"},{"@type":"Organization","@id":"https:\/\/schizofrenia.com\/verejnost\/#organization","name":"Schizofrenia.com","url":"https:\/\/schizofrenia.com\/verejnost\/","logo":{"@type":"ImageObject","inLanguage":"sk-SK","@id":"https:\/\/schizofrenia.com\/verejnost\/#\/schema\/logo\/image\/","url":"https:\/\/schizofrenia.com\/verejnost\/wp-content\/uploads\/2020\/03\/Schizophrenia-logo-01.png","contentUrl":"https:\/\/schizofrenia.com\/verejnost\/wp-content\/uploads\/2020\/03\/Schizophrenia-logo-01.png","width":1927,"height":1891,"caption":"Schizofrenia.com"},"image":{"@id":"https:\/\/schizofrenia.com\/verejnost\/#\/schema\/logo\/image\/"},"sameAs":["https:\/\/www.facebook.com\/people\/Schizofrnia\/100081076399134\/"]}]}},"_links":{"self":[{"href":"https:\/\/schizofrenia.com\/verejnost\/wp-json\/wp\/v2\/pojmy\/4074","targetHints":{"allow":["GET"]}}],"collection":[{"href":"https:\/\/schizofrenia.com\/verejnost\/wp-json\/wp\/v2\/pojmy"}],"about":[{"href":"https:\/\/schizofrenia.com\/verejnost\/wp-json\/wp\/v2\/types\/pojmy"}],"author":[{"embeddable":true,"href":"https:\/\/schizofrenia.com\/verejnost\/wp-json\/wp\/v2\/users\/7"}],"version-history":[{"count":2,"href":"https:\/\/schizofrenia.com\/verejnost\/wp-json\/wp\/v2\/pojmy\/4074\/revisions"}],"predecessor-version":[{"id":4153,"href":"https:\/\/schizofrenia.com\/verejnost\/wp-json\/wp\/v2\/pojmy\/4074\/revisions\/4153"}],"wp:attachment":[{"href":"https:\/\/schizofrenia.com\/verejnost\/wp-json\/wp\/v2\/media?parent=4074"}],"wp:term":[{"taxonomy":"glossary","embeddable":true,"href":"https:\/\/schizofrenia.com\/verejnost\/wp-json\/wp\/v2\/glossary?post=4074"}],"curies":[{"name":"wp","href":"https:\/\/api.w.org\/{rel}","templated":true}]}}