{"id":4054,"date":"2022-12-13T20:46:25","date_gmt":"2022-12-13T19:46:25","guid":{"rendered":"https:\/\/schizofrenia.com\/verejnost\/pojmy\/apatia\/"},"modified":"2022-12-13T23:29:04","modified_gmt":"2022-12-13T22:29:04","slug":"apatia","status":"publish","type":"pojmy","link":"https:\/\/schizofrenia.com\/verejnost\/slovnik-pojmov\/apatia\/","title":{"rendered":"Apatia"},"content":{"rendered":"<p>Apatia vyjadruje stav, ke\u010f \u010dlovek nem\u00e1 z\u00e1ujem o\u00a0\u013eud\u00ed, \u010dinnosti, aktivity \u010di vlastn\u00e9 em\u00f3cie. Nestar\u00e1 o\u00a0svoje pre\u017e\u00edvanie, nechce sa u\u010di\u0165 nov\u00e9 veci, nem\u00e1 energiu na vykon\u00e1vanie be\u017en\u00fdch \u010dinnost\u00ed. Naoko m\u00f4\u017ee p\u00f4sobi\u0165 \u013eahostajne. Apatia v\u0161ak m\u00f4\u017ee by\u0165 sympt\u00f3mom psychiatrick\u00fdch ochoren\u00ed i\u00a0po\u0161koden\u00ed mozgu.<\/p>\n","protected":false},"excerpt":{"rendered":"<p>Apatia vyjadruje stav, ke\u010f \u010dlovek nem\u00e1 z\u00e1ujem o\u00a0\u013eud\u00ed, \u010dinnosti, aktivity \u010di vlastn\u00e9 em\u00f3cie. Nestar\u00e1 o\u00a0svoje pre\u017e\u00edvanie, nechce sa u\u010di\u0165 nov\u00e9 veci, nem\u00e1 energiu na vykon\u00e1vanie be\u017en\u00fdch \u010dinnost\u00ed. Naoko m\u00f4\u017ee p\u00f4sobi\u0165 \u013eahostajne. Apatia v\u0161ak m\u00f4\u017ee by\u0165 sympt\u00f3mom psychiatrick\u00fdch ochoren\u00ed i\u00a0po\u0161koden\u00ed mozgu.<\/p>\n","protected":false},"author":7,"featured_media":0,"template":"","meta":{"om_disable_all_campaigns":false,"rea_page_title_signed_in_meta_block_field":"","rea_page_title_signed_out_meta_block_field":"","rea_page_description_signed_in_meta_block_field":"","rea_page_description_signed_out_meta_block_field":"","rea_page_footer_id_meta_block_field":"","rea_page_footer_date_meta_block_field":"","footnotes":""},"glossary":[34],"class_list":["post-4054","pojmy","type-pojmy","status-publish","hentry","glossary-a"],"acf":[],"yoast_head":"<!-- This site is optimized with the Yoast SEO plugin v28.3 - https:\/\/yoast.com\/product\/yoast-seo-wordpress\/ -->\n<title>Apatia - Schizofrenia.com<\/title>\n<meta name=\"robots\" content=\"index, follow, max-snippet:-1, max-image-preview:large, max-video-preview:-1\" \/>\n<link rel=\"canonical\" href=\"https:\/\/schizofrenia.com\/verejnost\/slovnik-pojmov\/apatia\/\" \/>\n<meta property=\"og:locale\" content=\"sk_SK\" \/>\n<meta property=\"og:type\" content=\"article\" \/>\n<meta property=\"og:title\" content=\"Apatia - Schizofrenia.com\" \/>\n<meta property=\"og:description\" content=\"Apatia vyjadruje stav, ke\u010f \u010dlovek nem\u00e1 z\u00e1ujem o\u00a0\u013eud\u00ed, \u010dinnosti, aktivity \u010di vlastn\u00e9 em\u00f3cie. Nestar\u00e1 o\u00a0svoje pre\u017e\u00edvanie, nechce sa u\u010di\u0165 nov\u00e9 veci, nem\u00e1 energiu na vykon\u00e1vanie be\u017en\u00fdch \u010dinnost\u00ed. Naoko m\u00f4\u017ee p\u00f4sobi\u0165 \u013eahostajne. Apatia v\u0161ak m\u00f4\u017ee by\u0165 sympt\u00f3mom psychiatrick\u00fdch ochoren\u00ed i\u00a0po\u0161koden\u00ed mozgu.\" \/>\n<meta property=\"og:url\" content=\"https:\/\/schizofrenia.com\/verejnost\/slovnik-pojmov\/apatia\/\" \/>\n<meta property=\"og:site_name\" content=\"Schizofrenia.com\" \/>\n<meta property=\"article:publisher\" content=\"https:\/\/www.facebook.com\/people\/Schizofrnia\/100081076399134\/\" \/>\n<meta property=\"article:modified_time\" content=\"2022-12-13T22:29:04+00:00\" \/>\n<meta name=\"twitter:card\" content=\"summary_large_image\" \/>\n<script type=\"application\/ld+json\" class=\"yoast-schema-graph\">{\"@context\":\"https:\\\/\\\/schema.org\",\"@graph\":[{\"@type\":\"WebPage\",\"@id\":\"https:\\\/\\\/schizofrenia.com\\\/verejnost\\\/slovnik-pojmov\\\/apatia\\\/\",\"url\":\"https:\\\/\\\/schizofrenia.com\\\/verejnost\\\/slovnik-pojmov\\\/apatia\\\/\",\"name\":\"Apatia - Schizofrenia.com\",\"isPartOf\":{\"@id\":\"https:\\\/\\\/schizofrenia.com\\\/verejnost\\\/#website\"},\"datePublished\":\"2022-12-13T19:46:25+00:00\",\"dateModified\":\"2022-12-13T22:29:04+00:00\",\"breadcrumb\":{\"@id\":\"https:\\\/\\\/schizofrenia.com\\\/verejnost\\\/slovnik-pojmov\\\/apatia\\\/#breadcrumb\"},\"inLanguage\":\"sk-SK\",\"potentialAction\":[{\"@type\":\"ReadAction\",\"target\":[\"https:\\\/\\\/schizofrenia.com\\\/verejnost\\\/slovnik-pojmov\\\/apatia\\\/\"]}]},{\"@type\":\"BreadcrumbList\",\"@id\":\"https:\\\/\\\/schizofrenia.com\\\/verejnost\\\/slovnik-pojmov\\\/apatia\\\/#breadcrumb\",\"itemListElement\":[{\"@type\":\"ListItem\",\"position\":1,\"name\":\"Home\",\"item\":\"https:\\\/\\\/schizofrenia.com\\\/verejnost\\\/\"},{\"@type\":\"ListItem\",\"position\":2,\"name\":\"Pojmy\",\"item\":\"https:\\\/\\\/schizofrenia.com\\\/verejnost\\\/pojmy\\\/\"},{\"@type\":\"ListItem\",\"position\":3,\"name\":\"Apatia\"}]},{\"@type\":\"WebSite\",\"@id\":\"https:\\\/\\\/schizofrenia.com\\\/verejnost\\\/#website\",\"url\":\"https:\\\/\\\/schizofrenia.com\\\/verejnost\\\/\",\"name\":\"Schizofrenia.com\",\"description\":\"Z\u00e1klad\u0148a pre \u013eud\u00ed \u017eij\u00facich so schizofr\u00e9niou\",\"publisher\":{\"@id\":\"https:\\\/\\\/schizofrenia.com\\\/verejnost\\\/#organization\"},\"potentialAction\":[{\"@type\":\"SearchAction\",\"target\":{\"@type\":\"EntryPoint\",\"urlTemplate\":\"https:\\\/\\\/schizofrenia.com\\\/verejnost\\\/?s={search_term_string}\"},\"query-input\":{\"@type\":\"PropertyValueSpecification\",\"valueRequired\":true,\"valueName\":\"search_term_string\"}}],\"inLanguage\":\"sk-SK\"},{\"@type\":\"Organization\",\"@id\":\"https:\\\/\\\/schizofrenia.com\\\/verejnost\\\/#organization\",\"name\":\"Schizofrenia.com\",\"url\":\"https:\\\/\\\/schizofrenia.com\\\/verejnost\\\/\",\"logo\":{\"@type\":\"ImageObject\",\"inLanguage\":\"sk-SK\",\"@id\":\"https:\\\/\\\/schizofrenia.com\\\/verejnost\\\/#\\\/schema\\\/logo\\\/image\\\/\",\"url\":\"https:\\\/\\\/schizofrenia.com\\\/verejnost\\\/wp-content\\\/uploads\\\/2020\\\/03\\\/Schizophrenia-logo-01.png\",\"contentUrl\":\"https:\\\/\\\/schizofrenia.com\\\/verejnost\\\/wp-content\\\/uploads\\\/2020\\\/03\\\/Schizophrenia-logo-01.png\",\"width\":1927,\"height\":1891,\"caption\":\"Schizofrenia.com\"},\"image\":{\"@id\":\"https:\\\/\\\/schizofrenia.com\\\/verejnost\\\/#\\\/schema\\\/logo\\\/image\\\/\"},\"sameAs\":[\"https:\\\/\\\/www.facebook.com\\\/people\\\/Schizofrnia\\\/100081076399134\\\/\"]}]}<\/script>\n<!-- \/ Yoast SEO plugin. -->","yoast_head_json":{"title":"Apatia - Schizofrenia.com","robots":{"index":"index","follow":"follow","max-snippet":"max-snippet:-1","max-image-preview":"max-image-preview:large","max-video-preview":"max-video-preview:-1"},"canonical":"https:\/\/schizofrenia.com\/verejnost\/slovnik-pojmov\/apatia\/","og_locale":"sk_SK","og_type":"article","og_title":"Apatia - Schizofrenia.com","og_description":"Apatia vyjadruje stav, ke\u010f \u010dlovek nem\u00e1 z\u00e1ujem o\u00a0\u013eud\u00ed, \u010dinnosti, aktivity \u010di vlastn\u00e9 em\u00f3cie. Nestar\u00e1 o\u00a0svoje pre\u017e\u00edvanie, nechce sa u\u010di\u0165 nov\u00e9 veci, nem\u00e1 energiu na vykon\u00e1vanie be\u017en\u00fdch \u010dinnost\u00ed. Naoko m\u00f4\u017ee p\u00f4sobi\u0165 \u013eahostajne. Apatia v\u0161ak m\u00f4\u017ee by\u0165 sympt\u00f3mom psychiatrick\u00fdch ochoren\u00ed i\u00a0po\u0161koden\u00ed mozgu.","og_url":"https:\/\/schizofrenia.com\/verejnost\/slovnik-pojmov\/apatia\/","og_site_name":"Schizofrenia.com","article_publisher":"https:\/\/www.facebook.com\/people\/Schizofrnia\/100081076399134\/","article_modified_time":"2022-12-13T22:29:04+00:00","twitter_card":"summary_large_image","schema":{"@context":"https:\/\/schema.org","@graph":[{"@type":"WebPage","@id":"https:\/\/schizofrenia.com\/verejnost\/slovnik-pojmov\/apatia\/","url":"https:\/\/schizofrenia.com\/verejnost\/slovnik-pojmov\/apatia\/","name":"Apatia - Schizofrenia.com","isPartOf":{"@id":"https:\/\/schizofrenia.com\/verejnost\/#website"},"datePublished":"2022-12-13T19:46:25+00:00","dateModified":"2022-12-13T22:29:04+00:00","breadcrumb":{"@id":"https:\/\/schizofrenia.com\/verejnost\/slovnik-pojmov\/apatia\/#breadcrumb"},"inLanguage":"sk-SK","potentialAction":[{"@type":"ReadAction","target":["https:\/\/schizofrenia.com\/verejnost\/slovnik-pojmov\/apatia\/"]}]},{"@type":"BreadcrumbList","@id":"https:\/\/schizofrenia.com\/verejnost\/slovnik-pojmov\/apatia\/#breadcrumb","itemListElement":[{"@type":"ListItem","position":1,"name":"Home","item":"https:\/\/schizofrenia.com\/verejnost\/"},{"@type":"ListItem","position":2,"name":"Pojmy","item":"https:\/\/schizofrenia.com\/verejnost\/pojmy\/"},{"@type":"ListItem","position":3,"name":"Apatia"}]},{"@type":"WebSite","@id":"https:\/\/schizofrenia.com\/verejnost\/#website","url":"https:\/\/schizofrenia.com\/verejnost\/","name":"Schizofrenia.com","description":"Z\u00e1klad\u0148a pre \u013eud\u00ed \u017eij\u00facich so schizofr\u00e9niou","publisher":{"@id":"https:\/\/schizofrenia.com\/verejnost\/#organization"},"potentialAction":[{"@type":"SearchAction","target":{"@type":"EntryPoint","urlTemplate":"https:\/\/schizofrenia.com\/verejnost\/?s={search_term_string}"},"query-input":{"@type":"PropertyValueSpecification","valueRequired":true,"valueName":"search_term_string"}}],"inLanguage":"sk-SK"},{"@type":"Organization","@id":"https:\/\/schizofrenia.com\/verejnost\/#organization","name":"Schizofrenia.com","url":"https:\/\/schizofrenia.com\/verejnost\/","logo":{"@type":"ImageObject","inLanguage":"sk-SK","@id":"https:\/\/schizofrenia.com\/verejnost\/#\/schema\/logo\/image\/","url":"https:\/\/schizofrenia.com\/verejnost\/wp-content\/uploads\/2020\/03\/Schizophrenia-logo-01.png","contentUrl":"https:\/\/schizofrenia.com\/verejnost\/wp-content\/uploads\/2020\/03\/Schizophrenia-logo-01.png","width":1927,"height":1891,"caption":"Schizofrenia.com"},"image":{"@id":"https:\/\/schizofrenia.com\/verejnost\/#\/schema\/logo\/image\/"},"sameAs":["https:\/\/www.facebook.com\/people\/Schizofrnia\/100081076399134\/"]}]}},"_links":{"self":[{"href":"https:\/\/schizofrenia.com\/verejnost\/wp-json\/wp\/v2\/pojmy\/4054","targetHints":{"allow":["GET"]}}],"collection":[{"href":"https:\/\/schizofrenia.com\/verejnost\/wp-json\/wp\/v2\/pojmy"}],"about":[{"href":"https:\/\/schizofrenia.com\/verejnost\/wp-json\/wp\/v2\/types\/pojmy"}],"author":[{"embeddable":true,"href":"https:\/\/schizofrenia.com\/verejnost\/wp-json\/wp\/v2\/users\/7"}],"version-history":[{"count":1,"href":"https:\/\/schizofrenia.com\/verejnost\/wp-json\/wp\/v2\/pojmy\/4054\/revisions"}],"predecessor-version":[{"id":4141,"href":"https:\/\/schizofrenia.com\/verejnost\/wp-json\/wp\/v2\/pojmy\/4054\/revisions\/4141"}],"wp:attachment":[{"href":"https:\/\/schizofrenia.com\/verejnost\/wp-json\/wp\/v2\/media?parent=4054"}],"wp:term":[{"taxonomy":"glossary","embeddable":true,"href":"https:\/\/schizofrenia.com\/verejnost\/wp-json\/wp\/v2\/glossary?post=4054"}],"curies":[{"name":"wp","href":"https:\/\/api.w.org\/{rel}","templated":true}]}}